{"id":26,"date":"2020-07-17T17:06:19","date_gmt":"2020-07-17T14:06:19","guid":{"rendered":"http:\/\/draculadigital.ro\/?page_id=26"},"modified":"2023-08-07T16:43:20","modified_gmt":"2023-08-07T13:43:20","slug":"acasa","status":"publish","type":"page","link":"https:\/\/draculadigital.ro\/2022\/","title":{"rendered":"Acas\u0103"},"content":{"rendered":"<p>[vc_row][vc_column]<div class=\" ubtn-ctn-center \"><a class=\"ubtn-link ult-adjust-bottom-margin ubtn-center ubtn-block \" href=\"https:\/\/draculadigital.ro\/\" title=\"Dracula Digital 2021\" ><button type=\"button\" id=\"ubtn-8457\"  class=\"ubtn ult-adjust-bottom-margin ult-responsive ubtn-block ubtn-no-hover-bg  none  ubtn-sep-icon ubtn-sep-icon-at-left  ubtn-center   tooltip-69ef79c4ecad0 ubtn-block\"  data-hover=\"#e5e5e5\" data-border-color=\"#e61b23\" data-bg=\"#e61b23\" data-hover-bg=\"#000000\" data-border-hover=\"#e5e5e5\" data-shadow-hover=\"\" data-shadow-click=\"none\" data-shadow=\"\" data-shd-shadow=\"\"  data-ultimate-target='#ubtn-8457'  data-responsive-json-new='{\"font-size\":\"desktop:24px;\",\"line-height\":\"\"}'  style=\"font-weight:normal;border-radius:0px;border-width:2px;border-color:#e61b23;border-style:solid;background: #e61b23;color: #e5e5e5;\"><span class=\"ubtn-data ubtn-icon\"><i class=\"Defaults-angle-left\" style=\"font-size:32px;color:#e5e5e5;\"><\/i><\/span><span class=\"ubtn-hover\" style=\"background-color:#000000\"><\/span><span class=\"ubtn-data ubtn-text \" >\u00ceNAPOI LA DRACULA DIGITAL 2023<\/span><\/button><\/a><\/div>[\/vc_column][\/vc_row][vc_row equal_height=&#8221;yes&#8221; content_placement=&#8221;middle&#8221;][vc_column width=&#8221;1\/2&#8243;]<div id=\"ultimate-heading-789469ef79c4ece38\" class=\"uvc-heading ult-adjust-bottom-margin ultimate-heading-789469ef79c4ece38 uvc-6900 \" data-hspacer=\"image_only\"  data-halign=\"center\" style=\"text-align:center\"><div class=\"uvc-heading-spacer image_only\" style=\"top\"><img decoding=\"async\" src=\"https:\/\/draculadigital.ro\/2022\/wp-content\/uploads\/2022\/10\/trofeu-dracula-digidal-2022.png\" class=\"ultimate-headings-icon-image\" alt=\"null\" style=\"width:48px\"\/><\/div><div class=\"uvc-main-heading ult-responsive\"  data-ultimate-target='.uvc-heading.ultimate-heading-789469ef79c4ece38 h2'  data-responsive-json-new='{\"font-size\":\"\",\"line-height\":\"\"}' ><h2 style=\"font-weight:normal;\">Trofeul \u201eDracula Digital\u201d 2022 a fost c\u00e2\u015ftigat de scurtmetrajul<\/h2><\/div><\/div><div id=\"ultimate-heading-402669ef79c4ececd\" class=\"uvc-heading ult-adjust-bottom-margin ultimate-heading-402669ef79c4ececd uvc-2325 \" data-hspacer=\"no_spacer\"  data-halign=\"center\" style=\"text-align:center\"><div class=\"uvc-heading-spacer no_spacer\" style=\"top\"><\/div><div class=\"uvc-main-heading ult-responsive\"  data-ultimate-target='.uvc-heading.ultimate-heading-402669ef79c4ececd h2'  data-responsive-json-new='{\"font-size\":\"\",\"line-height\":\"\"}' ><h2 style=\"font-weight:normal;color:#e61b23;\">The Monk<\/h2><\/div><\/div>[vc_column_text]<\/p>\n<p style=\"text-align: center;\">de Vlad Gherghel |<em> Bucure\u0219ti<br \/>\n<\/em>echipa: Vlad Cristian Gherghel, Matei Constantin Spuz\u0103, C\u0103t\u0103lina Mihalache<\/p>\n<p>[\/vc_column_text][\/vc_column][vc_column width=&#8221;1\/2&#8243;][vc_video link=&#8221;https:\/\/youtu.be\/1cFoWZzEgeY&#8221;][\/vc_column][\/vc_row][vc_row][vc_column][\/vc_column][\/vc_row][vc_row][vc_column]<div id=\"ultimate-heading-136769ef79c4ecf57\" class=\"uvc-heading ult-adjust-bottom-margin ultimate-heading-136769ef79c4ecf57 uvc-5059 \" data-hspacer=\"line_only\"  data-halign=\"left\" style=\"text-align:left\"><div class=\"uvc-main-heading ult-responsive\"  data-ultimate-target='.uvc-heading.ultimate-heading-136769ef79c4ecf57 h2'  data-responsive-json-new='{\"font-size\":\"\",\"line-height\":\"\"}' ><h2 style=\"font-weight:normal;margin-top:30px;margin-bottom:30px;\">Filmele echipelor din competi\u021bia final\u0103 DRACULA DIGITAL 2022.<\/h2><\/div><div class=\"uvc-heading-spacer line_only\" style=\"margin-bottom:30px;height:2px;\"><span class=\"uvc-headings-line\" style=\"border-style:solid;border-bottom-width:2px;border-color:#e5e5e5;width:autopx;\"><\/span><\/div><\/div>[vc_row_inner][vc_column_inner width=&#8221;1\/2&#8243;][vc_column_text]<span style=\"color: #ec1c24; font-size: 20px; font-family: 'Roboto Mono'; margin-bottom: 10px; line-height: 1.25;\">Buc\u0103t\u0103ria Camilei<\/span>, echipa 2: Ilinca Borti\u0219c\u0103, Alexandra \u0218tefania Berariu, Octavia Borti\u0219c\u0103 | <em>Sibiu<\/em>[\/vc_column_text][vc_video link=&#8221;https:\/\/youtu.be\/SEyPL2pEtp4&#8243;][\/vc_column_inner][vc_column_inner width=&#8221;1\/2&#8243;][vc_column_text]<span style=\"color: #ec1c24; font-size: 20px; font-family: 'Roboto Mono'; font-weight: normal; margin-bottom: 10px; line-height: 1.25;\">Totul va fi bine<\/span>, echipa 3: Olteanu Ionu\u021b Robert, Baranov Alexandru Robert, Stanciu Andreea Ioana | <em>Sibiu<\/em>[\/vc_column_text][vc_video link=&#8221;https:\/\/youtu.be\/YA03bUXWVE8&#8243;][\/vc_column_inner][\/vc_row_inner][vc_row_inner][vc_column_inner width=&#8221;1\/2&#8243;][vc_column_text]<span style=\"color: #ec1c24; font-size: 20px; font-family: 'Roboto Mono'; font-weight: normal; margin-bottom: 10px; line-height: 1.25;\">Sinner<\/span>, echipa 4: Ania Ionescu, Mircea Popescu, Ana Salcie | <em>Urla\u021bi, Prahova<\/em>[\/vc_column_text][vc_video link=&#8221;https:\/\/youtu.be\/nyJ7a_bxq4s&#8221;][\/vc_column_inner][vc_column_inner width=&#8221;1\/2&#8243;][vc_column_text]<span style=\"color: #ec1c24; font-size: 20px; font-family: 'Roboto Mono'; font-weight: normal; margin-bottom: 10px; line-height: 1.25;\">The Monk<\/span>, echipa 5: Vlad Gherghel |<em> Bucure\u0219ti<\/em>[\/vc_column_text][vc_video link=&#8221;https:\/\/youtu.be\/1cFoWZzEgeY&#8221;][\/vc_column_inner][\/vc_row_inner][vc_row_inner][vc_column_inner width=&#8221;1\/2&#8243;][vc_column_text]<span style=\"color: #ec1c24; font-size: 20px; font-family: 'Roboto Mono'; font-weight: normal; margin-bottom: 10px; line-height: 1.25;\">I Am<\/span>, echipa 7 UBD\/UniTBv: Azhar Khir, Najwa Amzah, Phua Mun Ren | <em>Brunei<\/em>[\/vc_column_text][vc_video link=&#8221;https:\/\/youtu.be\/Ch-0DxW2a8w&#8221;][\/vc_column_inner][vc_column_inner width=&#8221;1\/2&#8243;][vc_column_text]<span style=\"color: #ec1c24; font-size: 20px; font-family: 'Roboto Mono'; font-weight: normal; margin-bottom: 10px; line-height: 1.25;\">3AM<\/span>, echipa 8 Universiti Brunei Darussalam (UBD): Syahmi Soff, Aziwan Ardey, Azim Bahar | <em>Brunei<\/em>[\/vc_column_text][vc_video link=&#8221;https:\/\/youtu.be\/nLVtc2jy04A&#8221;][\/vc_column_inner][\/vc_row_inner][\/vc_column][\/vc_row][vc_row][vc_column]<div id=\"ultimate-heading-718369ef79c4ecfdc\" class=\"uvc-heading ult-adjust-bottom-margin ultimate-heading-718369ef79c4ecfdc uvc-4155 \" data-hspacer=\"line_only\"  data-halign=\"left\" style=\"text-align:left\"><div class=\"uvc-main-heading ult-responsive\"  data-ultimate-target='.uvc-heading.ultimate-heading-718369ef79c4ecfdc h2'  data-responsive-json-new='{\"font-size\":\"\",\"line-height\":\"\"}' ><h2 style=\"font-weight:normal;margin-top:30px;margin-bottom:30px;\">Juriul Dracula Digital este format din:<\/h2><\/div><div class=\"uvc-heading-spacer line_only\" style=\"margin-bottom:30px;height:2px;\"><span class=\"uvc-headings-line\" style=\"border-style:solid;border-bottom-width:2px;border-color:#e5e5e5;width:autopx;\"><\/span><\/div><\/div>[vc_row_inner gap=&#8221;20&#8243;][vc_column_inner width=&#8221;1\/3&#8243;]<div id=\"ultimate-heading-35669ef79c4ed054\" class=\"uvc-heading ult-adjust-bottom-margin ultimate-heading-35669ef79c4ed054 uvc-186 \" data-hspacer=\"no_spacer\"  data-halign=\"left\" style=\"text-align:left\"><div class=\"uvc-heading-spacer no_spacer\" style=\"top\"><\/div><div class=\"uvc-main-heading ult-responsive\"  data-ultimate-target='.uvc-heading.ultimate-heading-35669ef79c4ed054 h4'  data-responsive-json-new='{\"font-size\":\"\",\"line-height\":\"\"}' ><h4 style=\"font-weight:normal;margin-top:30px;margin-bottom:30px;\">Pre\u0219edinte juriu<\/h4><\/div><\/div>[vc_single_image image=&#8221;12324&#8243; img_size=&#8221;full&#8221;]<div id=\"ultimate-heading-183369ef79c4ed0f8\" class=\"uvc-heading ult-adjust-bottom-margin ultimate-heading-183369ef79c4ed0f8 uvc-5278 \" data-hspacer=\"line_only\"  data-halign=\"left\" style=\"text-align:left\"><div class=\"uvc-main-heading ult-responsive\"  data-ultimate-target='.uvc-heading.ultimate-heading-183369ef79c4ed0f8 h3'  data-responsive-json-new='{\"font-size\":\"\",\"line-height\":\"\"}' ><h3 style=\"font-weight:normal;margin-top:30px;margin-bottom:30px;\">Eugen Neagu<\/h3><\/div><div class=\"uvc-sub-heading ult-responsive\"  data-ultimate-target='.uvc-heading.ultimate-heading-183369ef79c4ed0f8 .uvc-sub-heading '  data-responsive-json-new='{\"font-size\":\"\",\"line-height\":\"\"}'  style=\"font-weight:normal;margin-bottom:30px;\">Actor<\/div><div class=\"uvc-heading-spacer line_only\" style=\"margin-bottom:30px;height:2px;\"><span class=\"uvc-headings-line\" style=\"border-style:solid;border-bottom-width:2px;border-color:#e5e5e5;width:autopx;\"><\/span><\/div><\/div>[vc_column_text]<\/p>\n<p style=\"text-align: left;\">Prima intalnire cu industria cinematografic\u0103 are loc in anul 1983. In Bucure\u0219ti,Sergiu Nicolaescu era in plin\u0103 desf\u0103\u0219urare a realizarii produc\u021biei \u201e23 August 1944\u201d ,devenit apoi dublu film \u201eZiua Z\u201d si \u201eOglinda\u201d.<\/p>\n<p>Marele regizor ofera un mic rol de c\u00e2teva replici c\u0103tre regretatul Mircea Albulescu t\u00e2n\u0103rului de pe atunci Eugen Neagu,film\u0103ri de o durat\u0103 de cateva zile din p\u0103cate neacreditate \u0219i o parte din film\u0103ri c\u0103zute la montaj.<\/p>\n<p>Acel moment d\u0103 na\u0219tere unei decizii fulminante si anume aceea de a face parte din industria cinematografic\u0103.<\/p>\n<p>[\/vc_column_text][\/vc_column_inner][vc_column_inner width=&#8221;1\/3&#8243;]<div id=\"ultimate-heading-500969ef79c4ed189\" class=\"uvc-heading ult-adjust-bottom-margin ultimate-heading-500969ef79c4ed189 uvc-6918 \" data-hspacer=\"no_spacer\"  data-halign=\"left\" style=\"text-align:left\"><div class=\"uvc-heading-spacer no_spacer\" style=\"top\"><\/div><div class=\"uvc-main-heading ult-responsive\"  data-ultimate-target='.uvc-heading.ultimate-heading-500969ef79c4ed189 h4'  data-responsive-json-new='{\"font-size\":\"\",\"line-height\":\"\"}' ><h4 style=\"font-weight:normal;margin-top:30px;margin-bottom:30px;\">Membru<\/h4><\/div><\/div>[vc_single_image image=&#8221;4192&#8243; img_size=&#8221;full&#8221;]<div id=\"ultimate-heading-347569ef79c4ed208\" class=\"uvc-heading ult-adjust-bottom-margin ultimate-heading-347569ef79c4ed208 uvc-4087 \" data-hspacer=\"line_only\"  data-halign=\"left\" style=\"text-align:left\"><div class=\"uvc-main-heading ult-responsive\"  data-ultimate-target='.uvc-heading.ultimate-heading-347569ef79c4ed208 h3'  data-responsive-json-new='{\"font-size\":\"\",\"line-height\":\"\"}' ><h3 style=\"font-weight:normal;margin-top:30px;margin-bottom:30px;\">\u0218tefan Iancu<\/h3><\/div><div class=\"uvc-sub-heading ult-responsive\"  data-ultimate-target='.uvc-heading.ultimate-heading-347569ef79c4ed208 .uvc-sub-heading '  data-responsive-json-new='{\"font-size\":\"\",\"line-height\":\"\"}'  style=\"font-weight:normal;margin-bottom:30px;\">Actor<\/div><div class=\"uvc-heading-spacer line_only\" style=\"margin-bottom:30px;height:2px;\"><span class=\"uvc-headings-line\" style=\"border-style:solid;border-bottom-width:2px;border-color:#e5e5e5;width:autopx;\"><\/span><\/div><\/div>[vc_column_text]<\/p>\n<p style=\"text-align: left;\">N\u0103scut pe 26 decembrie 1997, \u015etefan Iancu a interpretat roluri \u00een peste zece produc\u0163ii rom\u00e2ne\u015fti \u015fi str\u0103ine, lungmetraje \u015fi filme de televiziune. A f\u0103cut parte din distribu\u0163ia unor filme precum Kyra Kyralina de Dan Pi\u0163a, Walking with the enemy de Mark Schmidt \u015fi Amintiri din epoca de aur, proiect de Cristian Mungiu. A \u00eemp\u0103r\u0163it, la v\u00e2rsta de cinci ani, platoul de filmare cu Keira Knightley \u015fi c\u00e2\u0163iva ani mai t\u00e2rziu, cu Steven Seagal. \u00cen 2018, a primit Premiul Gopo pentru \u201eT\u00e2n\u0103r\u0103 speran\u0163\u0103\u201d, pentru rolul din Un pas \u00een urma serafimilor. Joaca actualmente \u00een serialul TV Vlad.<br \/>\n[\/vc_column_text][\/vc_column_inner][vc_column_inner width=&#8221;1\/3&#8243;]<div id=\"ultimate-heading-686969ef79c4ed27e\" class=\"uvc-heading ult-adjust-bottom-margin ultimate-heading-686969ef79c4ed27e uvc-3932 \" data-hspacer=\"no_spacer\"  data-halign=\"left\" style=\"text-align:left\"><div class=\"uvc-heading-spacer no_spacer\" style=\"top\"><\/div><div class=\"uvc-main-heading ult-responsive\"  data-ultimate-target='.uvc-heading.ultimate-heading-686969ef79c4ed27e h4'  data-responsive-json-new='{\"font-size\":\"\",\"line-height\":\"\"}' ><h4 style=\"font-weight:normal;margin-top:30px;margin-bottom:30px;\">Membru<\/h4><\/div><\/div>[vc_single_image image=&#8221;12321&#8243; img_size=&#8221;full&#8221;]<div id=\"ultimate-heading-570769ef79c4ed2fb\" class=\"uvc-heading ult-adjust-bottom-margin ultimate-heading-570769ef79c4ed2fb uvc-2169 \" data-hspacer=\"line_only\"  data-halign=\"left\" style=\"text-align:left\"><div class=\"uvc-main-heading ult-responsive\"  data-ultimate-target='.uvc-heading.ultimate-heading-570769ef79c4ed2fb h3'  data-responsive-json-new='{\"font-size\":\"\",\"line-height\":\"\"}' ><h3 style=\"font-weight:normal;margin-top:30px;margin-bottom:30px;\">Florian Zapra<\/h3><\/div><div class=\"uvc-sub-heading ult-responsive\"  data-ultimate-target='.uvc-heading.ultimate-heading-570769ef79c4ed2fb .uvc-sub-heading '  data-responsive-json-new='{\"font-size\":\"\",\"line-height\":\"\"}'  style=\"font-weight:normal;margin-bottom:30px;\">Regizor, scenarist, dramaturg<\/div><div class=\"uvc-heading-spacer line_only\" style=\"margin-bottom:30px;height:2px;\"><span class=\"uvc-headings-line\" style=\"border-style:solid;border-bottom-width:2px;border-color:#e5e5e5;width:autopx;\"><\/span><\/div><\/div>[vc_column_text]N\u0103scut \u00een Lunca Ilvei, jude\u021bul Bistri\u021ba N\u0103s\u0103ud, Florian Zapra emigreaz\u0103 \u00een Irlanda, unde urmeaz\u0103 cursurile de actorie la Gaiety School of Acting in Dublin. In 2011 produce scurt metrajul ,,Clowns\u201d, cu care obtine o nominalizare pentru cea mai bun\u0103 comedie la Underground Cinema Film Awards, apoi in 2012 pune bazele festivalului de scurt metraje si muzic\u0103 din Dublin (DISFMF), care se afl\u0103 la a 11-a edi\u021bie. Joac\u0103 \u00een filme precum Asterix \u0219i Obelix \u00een Slujba Majest\u0103\u0163ii Sale al\u0103turi de Gerard Depardieu, in documentarul dram\u0103 Reginele Egiptului Antic, Product of a Nation \u0219i \u00een scurt metrajele Lugoj \u0219i Do you?,. Urc\u0103 pe scena de teatru in piesa ,,Normal\u201d la Smock Alley Theatre in Dublin, unde il joaca pe Dimitri, un ingrijitor.[\/vc_column_text][\/vc_column_inner][\/vc_row_inner][\/vc_column][\/vc_row][vc_row][vc_column]<div id=\"ultimate-heading-633469ef79c4ed38c\" class=\"uvc-heading ult-adjust-bottom-margin ultimate-heading-633469ef79c4ed38c uvc-2192 \" data-hspacer=\"line_only\"  data-halign=\"left\" style=\"text-align:left\"><div class=\"uvc-main-heading ult-responsive\"  data-ultimate-target='.uvc-heading.ultimate-heading-633469ef79c4ed38c h2'  data-responsive-json-new='{\"font-size\":\"\",\"line-height\":\"\"}' ><h2 style=\"font-weight:normal;margin-top:30px;margin-bottom:30px;\">Despre Dracula Digital<\/h2><\/div><div class=\"uvc-heading-spacer line_only\" style=\"margin-bottom:30px;height:2px;\"><span class=\"uvc-headings-line\" style=\"border-style:solid;border-bottom-width:2px;border-color:#e5e5e5;width:autopx;\"><\/span><\/div><\/div>[\/vc_column][\/vc_row][vc_row][vc_column width=&#8221;1\/3&#8243;]<div class=\"aio-icon-component    style_1\"><div id=\"Info-box-wrap-9466\" class=\"aio-icon-box left-icon\" style=\"\"  ><div class=\"aio-icon-left\"><div class=\"ult-just-icon-wrapper  \"><div class=\"align-icon\" style=\"text-align:center;\">\n<div class=\"aio-icon-img \" style=\"font-size:48px;display:inline-block;\" >\n\t<img decoding=\"async\" class=\"img-icon\" alt=\"null\" src=\"https:\/\/draculadigital.ro\/2022\/wp-content\/uploads\/2020\/07\/icon-dracula-digital-2020-02.png\"\/>\n<\/div><\/div><\/div><\/div><div class=\"aio-ibd-block\"><div class=\"aio-icon-description ult-responsive\"  data-ultimate-target='#Info-box-wrap-9466 .aio-icon-description'  data-responsive-json-new='{\"font-size\":\"\",\"line-height\":\"\"}'  style=\"\">Competi\u021bia <strong>Dracula Digital<\/strong> este organizat\u0103 \u00een cadrul evenimentului <a href=\"http:\/\/draculafilm.ro\/\" target=\"_blank\" rel=\"noopener noreferrer\">Dracula Film Festival<\/a>, Edi\u021bia a X-a organizat la Bra\u0219ov de c\u01cetre <strong>Asocia\u021bia Cultural\u0103 FANZIN<\/strong>.<\/div> <!-- description --><\/div> <!-- aio-ibd-block --><\/div> <!-- aio-icon-box --><\/div> <!-- aio-icon-component -->[\/vc_column][vc_column width=&#8221;1\/3&#8243;]<div class=\"aio-icon-component    style_1\"><div id=\"Info-box-wrap-7135\" class=\"aio-icon-box left-icon\" style=\"\"  ><div class=\"aio-icon-left\"><div class=\"ult-just-icon-wrapper  \"><div class=\"align-icon\" style=\"text-align:center;\">\n<div class=\"aio-icon-img \" style=\"font-size:48px;display:inline-block;\" >\n\t<img decoding=\"async\" class=\"img-icon\" alt=\"null\" src=\"https:\/\/draculadigital.ro\/2022\/wp-content\/uploads\/2020\/07\/icon-dracula-digital-2020-02.png\"\/>\n<\/div><\/div><\/div><\/div><div class=\"aio-ibd-block\"><div class=\"aio-icon-description ult-responsive\"  data-ultimate-target='#Info-box-wrap-7135 .aio-icon-description'  data-responsive-json-new='{\"font-size\":\"\",\"line-height\":\"\"}'  style=\"\"><strong>Dracula Digital<\/strong> are scopul de a promova educa\u0163ia cinematografic\u0103, de a le oferi tinerilor din toat\u0103 \u0163ara \u0219ansa de a se apropia de lumea filmului, \u015fi de a descoperi \u015fi cultiva noi talente \u00een cinematografia din Rom\u00e2nia.<\/div> <!-- description --><\/div> <!-- aio-ibd-block --><\/div> <!-- aio-icon-box --><\/div> <!-- aio-icon-component -->[\/vc_column][vc_column width=&#8221;1\/3&#8243;]<div class=\"aio-icon-component    style_1\"><div id=\"Info-box-wrap-7772\" class=\"aio-icon-box left-icon\" style=\"\"  ><div class=\"aio-icon-left\"><div class=\"ult-just-icon-wrapper  \"><div class=\"align-icon\" style=\"text-align:center;\">\n<div class=\"aio-icon-img \" style=\"font-size:48px;display:inline-block;\" >\n\t<img decoding=\"async\" class=\"img-icon\" alt=\"null\" src=\"https:\/\/draculadigital.ro\/2022\/wp-content\/uploads\/2020\/07\/icon-dracula-digital-2020-02.png\"\/>\n<\/div><\/div><\/div><\/div><div class=\"aio-ibd-block\"><div class=\"aio-icon-description ult-responsive\"  data-ultimate-target='#Info-box-wrap-7772 .aio-icon-description'  data-responsive-json-new='{\"font-size\":\"\",\"line-height\":\"\"}'  style=\"\">Aceast\u0103 competi\u021bie se adreseaz\u0103 persoanelor cu v\u00e2rste cuprinse \u00eentre <strong>16<\/strong> \u015fi <strong>29 ani<\/strong>, din toat\u0103 lumea, pasiona\u0163i de film \u0219i fotografie.<\/div> <!-- description --><\/div> <!-- aio-ibd-block --><\/div> <!-- aio-icon-box --><\/div> <!-- aio-icon-component -->[\/vc_column][\/vc_row][vc_row][vc_column]<span id=\"creative-link-wrap-7109\" class=\"ult_main_cl ult-adjust-bottom-margin  \" >\r\n\t \t\t\t<span class=\"ult_cl_link_1  ult_crlink\" >\r\n\t\t\t\t\t<a  data-ultimate-target='#creative-link-wrap-7109 .ult_colorlink'  data-responsive-json-new='{\"font-size\":\"desktop:22px;\",\"line-height\":\"\"}'  href=\"http:\/\/draculadigital.ro\/concurs\/\"  class=\"ult_colorlink ult-responsive \" style=\"float:left;font-family:Roboto Mono;font-weight:500;color:#e5e5e5; \"  data-textcolor=\"#e5e5e5\" data-texthover=\"#ec1c24\"data-style=\"Style_1\">\r\n\t\t\t\t\t\t\r\n\t\t\t\t\t\t<span data-hover=\"Concurs Dracula Digital\" style=\"color:#e5e5e5;;;\" class=\"ult_btn10_span   \">Concurs Dracula Digital<\/span>\r\n\t\t\t\t\t\t\r\n\t\t\t\t\t<\/a>\r\n\t\t\t\t<\/span>\r\n\t\t\t<\/span>[\/vc_column][\/vc_row][vc_row][vc_column][vc_column_text]<\/p>\n<p>[\/vc_column_text][\/vc_column][\/vc_row]<\/p>\n","protected":false},"excerpt":{"rendered":"<p>[vc_row][vc_column][\/vc_column][\/vc_row][vc_row equal_height=&#8221;yes&#8221; content_placement=&#8221;middle&#8221;][vc_column width=&#8221;1\/2&#8243;][vc_column_text] de Vlad Gherghel | Bucure\u0219ti echipa: Vlad Cristian Gherghel, Matei Constantin Spuz\u0103, C\u0103t\u0103lina Mihalache [\/vc_column_text][\/vc_column][vc_column width=&#8221;1\/2&#8243;][vc_video link=&#8221;https:\/\/youtu.be\/1cFoWZzEgeY&#8221;][\/vc_column][\/vc_row][vc_row][vc_column][\/vc_column][\/vc_row][vc_row][vc_column][vc_row_inner][vc_column_inner width=&#8221;1\/2&#8243;][vc_column_text]Buc\u0103t\u0103ria Camilei, echipa 2: Ilinca Borti\u0219c\u0103, Alexandra \u0218tefania Berariu, Octavia Borti\u0219c\u0103 | Sibiu[\/vc_column_text][vc_video link=&#8221;https:\/\/youtu.be\/SEyPL2pEtp4&#8243;][\/vc_column_inner][vc_column_inner width=&#8221;1\/2&#8243;][vc_column_text]Totul va fi bine, echipa 3: Olteanu Ionu\u021b Robert, Baranov Alexandru Robert, Stanciu Andreea Ioana | Sibiu[\/vc_column_text][vc_video link=&#8221;https:\/\/youtu.be\/YA03bUXWVE8&#8243;][\/vc_column_inner][\/vc_row_inner][vc_row_inner][vc_column_inner width=&#8221;1\/2&#8243;][vc_column_text]Sinner, echipa &hellip; <a href=\"https:\/\/draculadigital.ro\/2022\/\" class=\"more-link\">Continu\u0103 lectura<span class=\"screen-reader-text\"> \u201eAcas\u0103\u201d<\/span><\/a><\/p>\n","protected":false},"author":1437,"featured_media":0,"parent":0,"menu_order":0,"comment_status":"closed","ping_status":"closed","template":"page-nosidebar.php","meta":{"footnotes":""},"yoast_head":"<!-- This site is optimized with the Yoast SEO plugin v20.4 - https:\/\/yoast.com\/wordpress\/plugins\/seo\/ -->\n<title>Dracula Digital - 2022<\/title>\n<meta name=\"description\" content=\"Competi\u021bie de film digital pe teme horror, SF, adresat\u0103 persoanelor cu v\u00e2rste cuprinse \u00eentre 16 \u015fi 29 ani, din toat\u0103 \u0163ara, pasiona\u0163i de film \u0219i fotografie.\" \/>\n<meta name=\"robots\" content=\"index, follow, max-snippet:-1, max-image-preview:large, max-video-preview:-1\" \/>\n<link rel=\"canonical\" href=\"https:\/\/draculadigital.ro\/2022\/\" \/>\n<meta property=\"og:locale\" content=\"ro_RO\" \/>\n<meta property=\"og:type\" content=\"article\" \/>\n<meta property=\"og:title\" content=\"Dracula Digital - 2022\" \/>\n<meta property=\"og:description\" content=\"Competi\u021bie de film digital pe teme horror, SF, organizat\u0103 \u00een cadrul Dracula Film Festival, Bra\u0219ov, 12 \u2013 16 octombrie 2022.\" \/>\n<meta property=\"og:url\" content=\"https:\/\/draculadigital.ro\/2022\/\" \/>\n<meta property=\"og:site_name\" content=\"Dracula Digital - 2022\" \/>\n<meta property=\"article:modified_time\" content=\"2023-08-07T13:43:20+00:00\" \/>\n<meta property=\"og:image\" content=\"https:\/\/draculadigital.ro\/2022\/wp-content\/uploads\/2022\/07\/fb-dd2022-01.png\" \/>\n\t<meta property=\"og:image:width\" content=\"1200\" \/>\n\t<meta property=\"og:image:height\" content=\"630\" \/>\n\t<meta property=\"og:image:type\" content=\"image\/png\" \/>\n<meta name=\"twitter:card\" content=\"summary_large_image\" \/>\n<meta name=\"twitter:label1\" content=\"Timp estimat pentru citire\" \/>\n\t<meta name=\"twitter:data1\" content=\"4 minute\" \/>\n<script type=\"application\/ld+json\" class=\"yoast-schema-graph\">{\"@context\":\"https:\/\/schema.org\",\"@graph\":[{\"@type\":\"WebPage\",\"@id\":\"https:\/\/draculadigital.ro\/2022\/\",\"url\":\"https:\/\/draculadigital.ro\/2022\/\",\"name\":\"Dracula Digital - 2022\",\"isPartOf\":{\"@id\":\"https:\/\/draculadigital.ro\/2022\/#website\"},\"datePublished\":\"2020-07-17T14:06:19+00:00\",\"dateModified\":\"2023-08-07T13:43:20+00:00\",\"description\":\"Competi\u021bie de film digital pe teme horror, SF, adresat\u0103 persoanelor cu v\u00e2rste cuprinse \u00eentre 16 \u015fi 29 ani, din toat\u0103 \u0163ara, pasiona\u0163i de film \u0219i fotografie.\",\"breadcrumb\":{\"@id\":\"https:\/\/draculadigital.ro\/2022\/#breadcrumb\"},\"inLanguage\":\"ro-RO\",\"potentialAction\":[{\"@type\":\"ReadAction\",\"target\":[\"https:\/\/draculadigital.ro\/2022\/\"]}]},{\"@type\":\"BreadcrumbList\",\"@id\":\"https:\/\/draculadigital.ro\/2022\/#breadcrumb\",\"itemListElement\":[{\"@type\":\"ListItem\",\"position\":1,\"name\":\"Prima pagin\u0103\",\"item\":\"https:\/\/draculadigital.ro\/2022\/\"},{\"@type\":\"ListItem\",\"position\":2,\"name\":\"Acas\u0103\"}]},{\"@type\":\"WebSite\",\"@id\":\"https:\/\/draculadigital.ro\/2022\/#website\",\"url\":\"https:\/\/draculadigital.ro\/2022\/\",\"name\":\"Dracula Digital - 2022\",\"description\":\"Competi\u0163ie de film digital.\",\"publisher\":{\"@id\":\"https:\/\/draculadigital.ro\/2022\/#organization\"},\"potentialAction\":[{\"@type\":\"SearchAction\",\"target\":{\"@type\":\"EntryPoint\",\"urlTemplate\":\"https:\/\/draculadigital.ro\/2022\/?s={search_term_string}\"},\"query-input\":\"required name=search_term_string\"}],\"inLanguage\":\"ro-RO\"},{\"@type\":\"Organization\",\"@id\":\"https:\/\/draculadigital.ro\/2022\/#organization\",\"name\":\"Dracula Digital - 2022\",\"url\":\"https:\/\/draculadigital.ro\/2022\/\",\"logo\":{\"@type\":\"ImageObject\",\"inLanguage\":\"ro-RO\",\"@id\":\"https:\/\/draculadigital.ro\/2022\/#\/schema\/logo\/image\/\",\"url\":\"https:\/\/draculadigital.ro\/2022\/wp-content\/uploads\/2020\/07\/cropped-logo-draculadigital-ro-2020-01.png\",\"contentUrl\":\"https:\/\/draculadigital.ro\/2022\/wp-content\/uploads\/2020\/07\/cropped-logo-draculadigital-ro-2020-01.png\",\"width\":240,\"height\":61,\"caption\":\"Dracula Digital - 2022\"},\"image\":{\"@id\":\"https:\/\/draculadigital.ro\/2022\/#\/schema\/logo\/image\/\"}}]}<\/script>\n<!-- \/ Yoast SEO plugin. -->","yoast_head_json":{"title":"Dracula Digital - 2022","description":"Competi\u021bie de film digital pe teme horror, SF, adresat\u0103 persoanelor cu v\u00e2rste cuprinse \u00eentre 16 \u015fi 29 ani, din toat\u0103 \u0163ara, pasiona\u0163i de film \u0219i fotografie.","robots":{"index":"index","follow":"follow","max-snippet":"max-snippet:-1","max-image-preview":"max-image-preview:large","max-video-preview":"max-video-preview:-1"},"canonical":"https:\/\/draculadigital.ro\/2022\/","og_locale":"ro_RO","og_type":"article","og_title":"Dracula Digital - 2022","og_description":"Competi\u021bie de film digital pe teme horror, SF, organizat\u0103 \u00een cadrul Dracula Film Festival, Bra\u0219ov, 12 \u2013 16 octombrie 2022.","og_url":"https:\/\/draculadigital.ro\/2022\/","og_site_name":"Dracula Digital - 2022","article_modified_time":"2023-08-07T13:43:20+00:00","og_image":[{"width":1200,"height":630,"url":"https:\/\/draculadigital.ro\/2022\/wp-content\/uploads\/2022\/07\/fb-dd2022-01.png","type":"image\/png"}],"twitter_card":"summary_large_image","twitter_misc":{"Timp estimat pentru citire":"4 minute"},"schema":{"@context":"https:\/\/schema.org","@graph":[{"@type":"WebPage","@id":"https:\/\/draculadigital.ro\/2022\/","url":"https:\/\/draculadigital.ro\/2022\/","name":"Dracula Digital - 2022","isPartOf":{"@id":"https:\/\/draculadigital.ro\/2022\/#website"},"datePublished":"2020-07-17T14:06:19+00:00","dateModified":"2023-08-07T13:43:20+00:00","description":"Competi\u021bie de film digital pe teme horror, SF, adresat\u0103 persoanelor cu v\u00e2rste cuprinse \u00eentre 16 \u015fi 29 ani, din toat\u0103 \u0163ara, pasiona\u0163i de film \u0219i fotografie.","breadcrumb":{"@id":"https:\/\/draculadigital.ro\/2022\/#breadcrumb"},"inLanguage":"ro-RO","potentialAction":[{"@type":"ReadAction","target":["https:\/\/draculadigital.ro\/2022\/"]}]},{"@type":"BreadcrumbList","@id":"https:\/\/draculadigital.ro\/2022\/#breadcrumb","itemListElement":[{"@type":"ListItem","position":1,"name":"Prima pagin\u0103","item":"https:\/\/draculadigital.ro\/2022\/"},{"@type":"ListItem","position":2,"name":"Acas\u0103"}]},{"@type":"WebSite","@id":"https:\/\/draculadigital.ro\/2022\/#website","url":"https:\/\/draculadigital.ro\/2022\/","name":"Dracula Digital - 2022","description":"Competi\u0163ie de film digital.","publisher":{"@id":"https:\/\/draculadigital.ro\/2022\/#organization"},"potentialAction":[{"@type":"SearchAction","target":{"@type":"EntryPoint","urlTemplate":"https:\/\/draculadigital.ro\/2022\/?s={search_term_string}"},"query-input":"required name=search_term_string"}],"inLanguage":"ro-RO"},{"@type":"Organization","@id":"https:\/\/draculadigital.ro\/2022\/#organization","name":"Dracula Digital - 2022","url":"https:\/\/draculadigital.ro\/2022\/","logo":{"@type":"ImageObject","inLanguage":"ro-RO","@id":"https:\/\/draculadigital.ro\/2022\/#\/schema\/logo\/image\/","url":"https:\/\/draculadigital.ro\/2022\/wp-content\/uploads\/2020\/07\/cropped-logo-draculadigital-ro-2020-01.png","contentUrl":"https:\/\/draculadigital.ro\/2022\/wp-content\/uploads\/2020\/07\/cropped-logo-draculadigital-ro-2020-01.png","width":240,"height":61,"caption":"Dracula Digital - 2022"},"image":{"@id":"https:\/\/draculadigital.ro\/2022\/#\/schema\/logo\/image\/"}}]}},"_links":{"self":[{"href":"https:\/\/draculadigital.ro\/2022\/wp-json\/wp\/v2\/pages\/26"}],"collection":[{"href":"https:\/\/draculadigital.ro\/2022\/wp-json\/wp\/v2\/pages"}],"about":[{"href":"https:\/\/draculadigital.ro\/2022\/wp-json\/wp\/v2\/types\/page"}],"author":[{"embeddable":true,"href":"https:\/\/draculadigital.ro\/2022\/wp-json\/wp\/v2\/users\/1437"}],"replies":[{"embeddable":true,"href":"https:\/\/draculadigital.ro\/2022\/wp-json\/wp\/v2\/comments?post=26"}],"version-history":[{"count":128,"href":"https:\/\/draculadigital.ro\/2022\/wp-json\/wp\/v2\/pages\/26\/revisions"}],"predecessor-version":[{"id":12681,"href":"https:\/\/draculadigital.ro\/2022\/wp-json\/wp\/v2\/pages\/26\/revisions\/12681"}],"wp:attachment":[{"href":"https:\/\/draculadigital.ro\/2022\/wp-json\/wp\/v2\/media?parent=26"}],"curies":[{"name":"wp","href":"https:\/\/api.w.org\/{rel}","templated":true}]}}